{"id":2,"date":"2023-10-28T16:51:39","date_gmt":"2023-10-28T14:51:39","guid":{"rendered":"http:\/\/dojo-bouddhiste-zen.com\/?page_id=2"},"modified":"2025-10-30T16:24:20","modified_gmt":"2025-10-30T15:24:20","slug":"page-d-exemple","status":"publish","type":"page","link":"https:\/\/dojo-bouddhiste-zen.com\/?page_id=2","title":{"rendered":"Accueil"},"content":{"rendered":"<div class=\"wp-block-image\">\n<figure class=\"aligncenter is-resized\"><img loading=\"lazy\" decoding=\"async\" width=\"2560\" height=\"1920\" src=\"http:\/\/dojo-bouddhiste-zen.com\/wp-content\/uploads\/2023\/12\/20230618_152441-scaled.jpg\" alt=\"\" class=\"wp-image-100\" style=\"width:430px;height:auto\" srcset=\"https:\/\/dojo-bouddhiste-zen.com\/wp-content\/uploads\/2023\/12\/20230618_152441-scaled.jpg 2560w, https:\/\/dojo-bouddhiste-zen.com\/wp-content\/uploads\/2023\/12\/20230618_152441-300x225.jpg 300w, https:\/\/dojo-bouddhiste-zen.com\/wp-content\/uploads\/2023\/12\/20230618_152441-1024x768.jpg 1024w, https:\/\/dojo-bouddhiste-zen.com\/wp-content\/uploads\/2023\/12\/20230618_152441-768x576.jpg 768w, https:\/\/dojo-bouddhiste-zen.com\/wp-content\/uploads\/2023\/12\/20230618_152441-1536x1152.jpg 1536w, https:\/\/dojo-bouddhiste-zen.com\/wp-content\/uploads\/2023\/12\/20230618_152441-2048x1536.jpg 2048w, https:\/\/dojo-bouddhiste-zen.com\/wp-content\/uploads\/2023\/12\/20230618_152441-624x468.jpg 624w\" sizes=\"(max-width: 2560px) 100vw, 2560px\" \/><\/figure><\/div>\n\n\n<p class=\"has-text-align-center has-blue-color has-text-color has-link-color wp-elements-45883356eebd85d61058dd215470f495\"><\/p>\n\n\n\n<p class=\"has-white-color has-medium-gray-background-color has-text-color has-background has-link-color has-medium-font-size wp-elements-a864d4880334130229c10aae5085c3e0\"><strong>Contact    <\/strong><\/p>\n\n\n\n<div class=\"wp-block-group is-layout-constrained wp-block-group-is-layout-constrained\"><div class=\"wp-block-group__inner-container\">\n<div class=\"wp-block-group is-layout-constrained wp-block-group-is-layout-constrained\"><div class=\"wp-block-group__inner-container\">\n<p class=\"has-text-align-center has-small-font-size\">            <strong>1, rue neuve des Carmes \u00e0 Clermont-Ferrand<\/strong><br>(Proche Ballainvilliers)<\/p>\n\n\n\n<p class=\"has-text-align-center has-small-font-size\"><strong>06 72 27 43 23<\/strong> (G\u00e9rard)<br><strong>06 79 82 86 56 <\/strong>(Michel)<strong><br>                dbzenclermont@free.fr<\/strong><\/p>\n<\/div><\/div>\n<\/div><\/div>\n\n\n\n<p class=\"has-small-font-size\">Le dojo est dirig\u00e9 par cinq moines et bodhisattvas dont Michel Pireyre qui fut disciple de ma\u00eetre Taisen Deshimaru pendant 9 ans (1973-82). Nous suivons l&#8217;enseignement de ce dernier et de son ma\u00eetre, Kodo Sawaki. Nous faisons partie de l&#8217;Association <a href=\"https:\/\/www.zen-deshimaru.com\/fr\">Zen Deshimaru<\/a> de Ma\u00eetre Kosen. Le temple Yuso Nyusanji pr\u00e8s de Montpellier est le principal temple de cette association.<\/p>\n\n\n<div class=\"wp-block-image\">\n<figure class=\"aligncenter size-full is-resized\"><img loading=\"lazy\" decoding=\"async\" width=\"189\" height=\"189\" src=\"http:\/\/dojo-bouddhiste-zen.com\/wp-content\/uploads\/2024\/04\/logosangha.gif\" alt=\"\" class=\"wp-image-147\" style=\"width:122px;height:auto\"\/><\/figure><\/div>\n\n\n<h1 class=\"wp-block-heading has-white-color has-medium-gray-background-color has-text-color has-background has-link-color has-medium-font-size wp-elements-a7f620457412dec151837c6a1be8f2a0\"><strong>Horaires des m\u00e9ditations<\/strong><\/h1>\n\n\n\n<p class=\"has-blue-color has-text-color has-link-color has-medium-font-size wp-elements-33f35e3e3010e3163c3843750813d118\"><strong>S\u00e9ances hebdomadaires :<\/strong><\/p>\n\n\n\n<p class=\"has-small-font-size\">Chaque s\u00e9ance se compose de deux zazen de 35 minutes entrecoup\u00e9s d&#8217;une petite marche. Le dojo est ouvert pendant les vacances scolaires. Il est habituellement ferm\u00e9 les jours f\u00e9ri\u00e9s.<\/p>\n\n\n\n<ul>\n<li><strong>jeudi \u00e0 12h30<\/strong><\/li>\n\n\n\n<li><strong>vendredi \u00e0 12h30<\/strong><\/li>\n\n\n\n<li><strong>samedi \u00e0 10h<\/strong><\/li>\n<\/ul>\n\n\n\n<p class=\"has-blue-color has-text-color has-link-color has-medium-font-size wp-elements-538c393c60e2cdbd1fa1393e2f3668f3\"><strong>S\u00e9ances courtes :<\/strong><\/p>\n\n\n\n<p class=\"has-small-font-size\">Elles ne durent qu&#8217;une fois 35 minutes (tarif r\u00e9duit).<\/p>\n\n\n\n<ul>\n<li><strong>mardi \u00e0 12h45<\/strong><\/li>\n\n\n\n<li><strong>mercredi \u00e0 12h45<\/strong><\/li>\n\n\n\n<li><strong>mercredi \u00e0 18h<\/strong><\/li>\n\n\n\n<li><strong>jeudi \u00e0 18h<\/strong><\/li>\n\n\n\n<li><strong>vendredi \u00e0 18h<\/strong><\/li>\n<\/ul>\n\n\n\n<p class=\"has-small-font-size\"><strong>Tarif des s\u00e9ances<\/strong> <strong>: 5\u20ac,<br><\/strong>Ch\u00f4meurs et \u00e9tudiants : 4\u20ac,<br><strong>Forfaits mensuels, trimestriels ou annuels <\/strong>(voir affichage dojo)<br>En cas de difficult\u00e9s financi\u00e8res, en discuter avec le responsable<\/p>\n\n\n\n<p class=\"has-blue-color has-text-color has-link-color has-medium-font-size wp-elements-ed110a2b56bd8600063b6a4cc8035091\">&nbsp;<strong>Journ\u00e9es de zazen :<\/strong>&nbsp;<\/p>\n\n\n\n<p class=\"has-small-font-size\">Nous organisons des journ\u00e9es de pratique intensive sous la forme d&#8217;<strong>une journ\u00e9e de zazen<\/strong> un dimanche par mois. Quatre s\u00e9ances de m\u00e9ditation \u00e0 9h, 10h45, 14h et 16h avec possibilit\u00e9 de participer \u00e0 une ou plusieurs s\u00e9ances.<br>Nous contacter pour les dates (habituellement le 4e dimanche du mois)<\/p>\n\n\n\n<p class=\"has-white-color has-medium-gray-background-color has-text-color has-background has-link-color has-medium-font-size wp-elements-dcfdd059d922fb6bca7ce7f4626c5771\"><strong>D\u00e9couverte du zen<\/strong><\/p>\n\n\n\n<p class=\"has-small-font-size\">Notre dojo est ouvert \u00e0 tous. Sans souplesse ni pr\u00e9requis toute personne peut venir d\u00e9couvrir notre pratique lors deux s\u00e9ances par mois r\u00e9serv\u00e9 aux d\u00e9butants. Gratuit et sans rendez-vous, 40 minutes (explications et petite s\u00e9ance).<\/p>\n\n\n\n<p class=\"has-blue-color has-text-color has-small-font-size\">     <strong>Le premier samedi de chaque mois \u00e0 11h30<\/strong><\/p>\n\n\n\n<p class=\"has-blue-color has-text-color has-small-font-size\">    <strong>Le troisi\u00e8me jeudi de chaque mois \u00e0 18h00<\/strong> (hors juillet-ao\u00fbt)<\/p>\n\n\n\n<p class=\"has-small-font-size\">Il est \u00e9galement possible de venir directement \u00e0 une de nos s\u00e9ances. Pour cela merci de prendre contact au moins 48 heures \u00e0 l&#8217;avance et pr\u00e9voir de venir au dojo 30 minutes&nbsp;avant le d\u00e9but de la s\u00e9ance.<\/p>\n\n\n\n<p class=\"has-medium-font-size\"><\/p>\n\n\n<div class=\"wp-block-image\">\n<figure class=\"aligncenter size-full is-resized\"><img loading=\"lazy\" decoding=\"async\" width=\"401\" height=\"409\" src=\"http:\/\/dojo-bouddhiste-zen.com\/wp-content\/uploads\/2024\/04\/planDOJO.jpg\" alt=\"\" class=\"wp-image-150\" style=\"width:434px;height:auto\" srcset=\"https:\/\/dojo-bouddhiste-zen.com\/wp-content\/uploads\/2024\/04\/planDOJO.jpg 401w, https:\/\/dojo-bouddhiste-zen.com\/wp-content\/uploads\/2024\/04\/planDOJO-294x300.jpg 294w\" sizes=\"(max-width: 401px) 100vw, 401px\" \/><\/figure><\/div>\n\n<div class=\"wp-block-image\">\n<figure class=\"aligncenter size-large is-resized\"><img loading=\"lazy\" decoding=\"async\" width=\"1024\" height=\"768\" src=\"http:\/\/dojo-bouddhiste-zen.com\/wp-content\/uploads\/2024\/05\/exterieur-1024x768.jpg\" alt=\"\" class=\"wp-image-200\" style=\"width:432px;height:auto\" srcset=\"https:\/\/dojo-bouddhiste-zen.com\/wp-content\/uploads\/2024\/05\/exterieur-1024x768.jpg 1024w, https:\/\/dojo-bouddhiste-zen.com\/wp-content\/uploads\/2024\/05\/exterieur-300x225.jpg 300w, https:\/\/dojo-bouddhiste-zen.com\/wp-content\/uploads\/2024\/05\/exterieur-768x576.jpg 768w, https:\/\/dojo-bouddhiste-zen.com\/wp-content\/uploads\/2024\/05\/exterieur-1536x1152.jpg 1536w, https:\/\/dojo-bouddhiste-zen.com\/wp-content\/uploads\/2024\/05\/exterieur-2048x1536.jpg 2048w, https:\/\/dojo-bouddhiste-zen.com\/wp-content\/uploads\/2024\/05\/exterieur-624x468.jpg 624w\" sizes=\"(max-width: 1024px) 100vw, 1024px\" \/><\/figure><\/div>","protected":false},"excerpt":{"rendered":"<p>Contact 1, rue neuve des Carmes \u00e0 Clermont-Ferrand(Proche Ballainvilliers) 06 72 27 43 23 (G\u00e9rard)06 79 82 86 56 (Michel) dbzenclermont@free.fr Le dojo est dirig\u00e9 par cinq moines et bodhisattvas dont Michel Pireyre qui fut disciple de ma\u00eetre Taisen Deshimaru pendant 9 ans (1973-82). Nous suivons l&#8217;enseignement de ce dernier et de son ma\u00eetre, Kodo [&hellip;]<\/p>\n","protected":false},"author":1,"featured_media":0,"parent":0,"menu_order":0,"comment_status":"closed","ping_status":"open","template":"","meta":{"om_disable_all_campaigns":false,"_monsterinsights_skip_tracking":false,"_monsterinsights_sitenote_active":false,"_monsterinsights_sitenote_note":"","_monsterinsights_sitenote_category":0,"footnotes":""},"aioseo_notices":[],"_links":{"self":[{"href":"https:\/\/dojo-bouddhiste-zen.com\/index.php?rest_route=\/wp\/v2\/pages\/2"}],"collection":[{"href":"https:\/\/dojo-bouddhiste-zen.com\/index.php?rest_route=\/wp\/v2\/pages"}],"about":[{"href":"https:\/\/dojo-bouddhiste-zen.com\/index.php?rest_route=\/wp\/v2\/types\/page"}],"author":[{"embeddable":true,"href":"https:\/\/dojo-bouddhiste-zen.com\/index.php?rest_route=\/wp\/v2\/users\/1"}],"replies":[{"embeddable":true,"href":"https:\/\/dojo-bouddhiste-zen.com\/index.php?rest_route=%2Fwp%2Fv2%2Fcomments&post=2"}],"version-history":[{"count":78,"href":"https:\/\/dojo-bouddhiste-zen.com\/index.php?rest_route=\/wp\/v2\/pages\/2\/revisions"}],"predecessor-version":[{"id":455,"href":"https:\/\/dojo-bouddhiste-zen.com\/index.php?rest_route=\/wp\/v2\/pages\/2\/revisions\/455"}],"wp:attachment":[{"href":"https:\/\/dojo-bouddhiste-zen.com\/index.php?rest_route=%2Fwp%2Fv2%2Fmedia&parent=2"}],"curies":[{"name":"wp","href":"https:\/\/api.w.org\/{rel}","templated":true}]}}